{"id":28491,"date":"2021-12-24T14:31:06","date_gmt":"2021-12-24T14:31:06","guid":{"rendered":"https:\/\/www.filex.nl\/product\/power-pop-up-3x-230v-2x-usb-charge-alu-zwart\/"},"modified":"2025-04-30T10:17:07","modified_gmt":"2025-04-30T10:17:07","slug":"power-pop-up-drei-230v-steckdosen-2-usb-ladestellen","status":"publish","type":"product","link":"https:\/\/www.filex.nl\/de\/produkt\/power-pop-up-drei-230v-steckdosen-2-usb-ladestellen\/","title":{"rendered":"Power Pop Up &#8211; drei 230V-Steckdosen + 2 USB-Ladestellen"},"content":{"rendered":"<p>Der Power Pop Up ist ideal f\u00fcr jeden Konferenztisch oder jede K\u00fcchenarbeitsplatte!<\/p>\n<p>Die kompakte Stromeinheit Power Pop Up sorgt daf\u00fcr, dass Sie alle Stromanschl\u00fcsse zur Hand haben, die Ihnen jetzt noch fehlen!<\/p>\n<p>Sie brauchen nur sanft mit einem Finger auf die Abdeckung zu dr\u00fccken, um Zugriff auf die eingebauten Buchsen zu bekommen. Bei dieser Ausf\u00fchrung erhalten Sie Zugriff auf sage und schreibe drei 230V-Steckdosen und zwei USB-Ladestellen, wo Sie zum Beispiel Ihr Tablet oder Telefon aufladen k\u00f6nnen.<\/p>\n<p>Der Pop-up ist standardm\u00e4\u00dfig mit einem 1,75 Meter langen Kabel mit Schutzkontaktstecker ausgestattet.<\/p>\n<p>Diese Elektrifizierungseinheit kann sowohl horizontal als auch vertikal montiert werden, sodass sie selbst in Schr\u00e4nken eingebaut werden kann!<\/p>\n<p>Spezifizierungen: mit festem Anschlusskabel mit einer L\u00e4nge von 1,75 Metern und Schutzkontaktstecker. Das Modul umfasst: drei 230V-Buchsen und zwei USB-Ladestellen. F\u00fcr Arbeitsplatten von bis zu 50 mm St\u00e4rke und mit einer Einbaugr\u00f6\u00dfe von \u00d860 mm. Wattleistung USB-Ladestelle: 5V &#8211; 2,4A.<\/p>\n<p>Lieferbare Farben: Schwarz in Kombination mit eleganten aluminiumfarbenen Fl\u00e4chen.<\/p>\n","protected":false},"excerpt":{"rendered":"<p>Der Power Pop Up! Ideal f\u00fcr Ihren Konferenztisch und ist mit einem sanften Druck auf die Oberseite auch schnell wieder wegger\u00e4umt. So haben Sie die ben\u00f6tigten Anschl\u00fcsse direkt zur Hand, aber auch im Handumdrehen wieder einen aufger\u00e4umten Tisch!<\/p>\n","protected":false},"featured_media":15140,"template":"","meta":{"_acf_changed":false},"product_brand":[],"product_cat":[567],"product_tag":[],"class_list":{"0":"post-28491","1":"product","2":"type-product","3":"status-publish","4":"has-post-thumbnail","6":"product_cat-elektrifizierung","7":"pa_ean-code-8719747104361-de","8":"pa_kleur-alu-zwart-de","10":"first","11":"instock","12":"purchasable","13":"product-type-simple"},"acf":[],"_links":{"self":[{"href":"https:\/\/www.filex.nl\/de\/wp-json\/wp\/v2\/product\/28491","targetHints":{"allow":["GET"]}}],"collection":[{"href":"https:\/\/www.filex.nl\/de\/wp-json\/wp\/v2\/product"}],"about":[{"href":"https:\/\/www.filex.nl\/de\/wp-json\/wp\/v2\/types\/product"}],"wp:featuredmedia":[{"embeddable":true,"href":"https:\/\/www.filex.nl\/de\/wp-json\/wp\/v2\/media\/15140"}],"wp:attachment":[{"href":"https:\/\/www.filex.nl\/de\/wp-json\/wp\/v2\/media?parent=28491"}],"wp:term":[{"taxonomy":"product_brand","embeddable":true,"href":"https:\/\/www.filex.nl\/de\/wp-json\/wp\/v2\/product_brand?post=28491"},{"taxonomy":"product_cat","embeddable":true,"href":"https:\/\/www.filex.nl\/de\/wp-json\/wp\/v2\/product_cat?post=28491"},{"taxonomy":"product_tag","embeddable":true,"href":"https:\/\/www.filex.nl\/de\/wp-json\/wp\/v2\/product_tag?post=28491"}],"curies":[{"name":"wp","href":"https:\/\/api.w.org\/{rel}","templated":true}]}}